{"id":93,"date":"2020-03-13T16:03:42","date_gmt":"2020-03-13T16:03:42","guid":{"rendered":"https:\/\/culturasma.wordpress.com\/?page_id=93"},"modified":"2026-04-29T08:22:25","modified_gmt":"2026-04-29T11:22:25","slug":"inicio","status":"publish","type":"page","link":"https:\/\/cultura.sma.gob.ar\/","title":{"rendered":"Agenda Cultural"},"content":{"rendered":"\n<figure class=\"wp-block-image size-large\"><img loading=\"lazy\" decoding=\"async\" width=\"1024\" height=\"244\" src=\"http:\/\/cultura.sma.gob.ar\/wp-content\/uploads\/2020\/09\/fondo-agenda-cultural-01-2-1024x244.png\" alt=\"\" class=\"wp-image-10\" srcset=\"https:\/\/cultura.sma.gob.ar\/wp-content\/uploads\/2020\/09\/fondo-agenda-cultural-01-2-1024x244.png 1024w, https:\/\/cultura.sma.gob.ar\/wp-content\/uploads\/2020\/09\/fondo-agenda-cultural-01-2-300x71.png 300w, https:\/\/cultura.sma.gob.ar\/wp-content\/uploads\/2020\/09\/fondo-agenda-cultural-01-2-768x183.png 768w, https:\/\/cultura.sma.gob.ar\/wp-content\/uploads\/2020\/09\/fondo-agenda-cultural-01-2-1536x366.png 1536w, https:\/\/cultura.sma.gob.ar\/wp-content\/uploads\/2020\/09\/fondo-agenda-cultural-01-2-2048x488.png 2048w, https:\/\/cultura.sma.gob.ar\/wp-content\/uploads\/2020\/09\/fondo-agenda-cultural-01-2-378x90.png 378w\" sizes=\"auto, (max-width: 1024px) 100vw, 1024px\" \/><\/figure>\n\n\n\n<h4 class=\"wp-block-heading has-text-align-center\"><span style=\"text-decoration: underline;\">EVENTOS Y ESPECT\u00c1CULOS<\/span><\/h4>\n\n\n\n<ul class=\"wp-block-list\">\n<li>Ciudad Cultural: <a href=\"https:\/\/cultura.sma.gob.ar\/wp-admin\/post.php?post=5323&amp;action=edit\">Cartelera de cine en el Centro Cultural Cotesma<\/a><\/li>\n\n\n\n<li>Ciudad Cultural: <a href=\"https:\/\/cultura.sma.gob.ar\/?p=5274\">Cartelera en el Espacio Trama<\/a><\/li>\n\n\n\n<li>Eventos: <a href=\"https:\/\/www.instagram.com\/p\/DXomGQ4lf_K\/?utm_source=ig_web_copy_link&amp;igsh=MzRlODBiNWFlZA==\">18\u00b0 Festival Internacional de t\u00edteres <\/a>&#8211; 17 a 27 de mayo <\/li>\n\n\n\n<li>Cartelera San Jos\u00e9: <a href=\"https:\/\/www.instagram.com\/p\/DXol1gWlee7\/?utm_source=ig_web_copy_link&amp;igsh=MzRlODBiNWFlZA==\">Alto Guiso vol. 2 <\/a>&#8211; 2\/05, 21hs<\/li>\n\n\n\n<li>Cartelera San jos\u00e9: <a href=\"https:\/\/www.instagram.com\/p\/DXr8xahkk7V\/?utm_source=ig_web_copy_link&amp;igsh=NTc4MTIwNjQ2YQ==\">&#8220;Desde Misiones al pa\u00eds&#8221; &#8211; 2 formaciones en danza del litoral <\/a>&#8211; 3 de mayo<\/li>\n<\/ul>\n\n\n\n<h4 class=\"wp-block-heading has-text-align-center\"><span style=\"text-decoration: underline;\">TALLERES Y <\/span><span style=\"text-decoration:underline;\"><strong>ACTIVIDADES PROLONGADAS<\/strong><\/span><\/h4>\n\n\n\n<ul class=\"wp-block-list\">\n<li>Sala Lidaura Chapitel: <a href=\"https:\/\/www.instagram.com\/p\/DTlmoTDj-Ys\/?utm_source=ig_web_copy_link&amp;igsh=MzRlODBiNWFlZA==\">Taller de Croquiseros Urbanos<\/a> &#8211; s\u00e1bados, 17:30hs<\/li>\n\n\n\n<li>Teatro San Jos\u00e9: <a href=\"https:\/\/www.instagram.com\/p\/DWkCsdPCiLi\/?utm_source=ig_web_copy_link&amp;igsh=MzRlODBiNWFlZA==\">Taller de folklore para principiantes<\/a> &#8211; Mi\u00e9rcoles, 14:30hs<\/li>\n\n\n\n<li>Teatro San Jos\u00e9: <a href=\"https:\/\/www.instagram.com\/p\/DWv89TGjsnQ\/?utm_source=ig_web_copy_link&amp;igsh=MzRlODBiNWFlZA==\">Taller de coro para adultos mayores &#8211;<\/a> Ma\/ju, 15hs<\/li>\n\n\n\n<li>Teatro San Jos\u00e9: <a href=\"https:\/\/www.instagram.com\/p\/DVbG5OKjmfX\/?utm_source=ig_web_copy_link&amp;igsh=MzRlODBiNWFlZA==\">Taller de teatro para adultos<\/a> &#8211; viernes, 20:30hs.<\/li>\n\n\n\n<li>Teatro San Jos\u00e9: <a href=\"https:\/\/www.instagram.com\/p\/DWhd302geNZ\/?utm_source=ig_web_copy_link&amp;igsh=MzRlODBiNWFlZA==\">Entrenamiento y laboratorio creativo<\/a> &#8211; Martes, 19hs<\/li>\n\n\n\n<li>Estaciones Culturales:<a href=\"https:\/\/www.instagram.com\/p\/DV_weLZkvDt\/?utm_source=ig_web_copy_link&amp;igsh=MzRlODBiNWFlZA==\"> inscripciones a talleres en Vega centro<\/a> &#8211; Inicio 6\/Abr<\/li>\n\n\n\n<li>Estaciones Culturales: <a href=\"https:\/\/www.instagram.com\/p\/DV_wytGEjRN\/?utm_source=ig_web_copy_link&amp;igsh=MzRlODBiNWFlZA==\">Inscripciones a talleres en El Arenal<\/a> &#8211; Inicio 6\/Abr<\/li>\n\n\n\n<li>Estaciones Culturales: <a href=\"https:\/\/www.instagram.com\/p\/DV_xCRhEhZd\/?utm_source=ig_web_copy_link&amp;igsh=MzRlODBiNWFlZA==\">inscripciones a talleres en Cordones del Chapelco<\/a> &#8211; Inicio 6\/Abr<\/li>\n\n\n\n<li>Tren Cultural: <a href=\"https:\/\/www.instagram.com\/p\/DWj0XWDiTGV\/?utm_source=ig_web_copy_link&amp;igsh=MzRlODBiNWFlZA==\">Cine para j\u00f3venes y adultos en Punto Digital <\/a>&#8211; Jue\/Sa<\/li>\n<\/ul>\n\n\n\n<h4 class=\"wp-block-heading has-text-align-center\"><strong><span style=\"text-decoration:underline;\">EXPOSICIONES <\/span><\/strong><\/h4>\n\n\n\n<ul class=\"wp-block-list\">\n<li>Sala Chapitel:<a href=\"http:\/\/Carola Elordi, Veronica Martinez , Dario Caballes y Gregorio Iba\u00f1ez.\"> exposiciones de Carola Elordi, Veronica Martinez , Dario Caballes y Gregorio Iba\u00f1ez<\/a> (Hasta 29\/4)<\/li>\n\n\n\n<li><a href=\"https:\/\/www.instagram.com\/p\/DTNUPZXDp_h\/?utm_source=ig_web_copy_link&amp;igsh=MzRlODBiNWFlZA==\">Croquiseros Urbanos muestra<\/a> sus obras en Hua Hum &#8211; Museo Van Dorsser.<\/li>\n\n\n\n<li><a href=\"https:\/\/www.instagram.com\/p\/DQW-v5mCRUI\/?utm_source=ig_web_copy_link&amp;igsh=MzRlODBiNWFlZA==\">Exposicion de obras de Croquiseros Urbanos en el Casino de Oficiales de Gendarmer\u00eda<\/a> &#8211; (PERMANENTE)<\/li>\n\n\n\n<li><a href=\"https:\/\/cultura.sma.gob.ar\/?p=2859\">El Museo Municipal Primeros Pobladores reabre sus puertas con una atractiva muestra de historia local<\/a>  (PERMANENTE)<\/li>\n<\/ul>\n\n\n\n<h4 class=\"wp-block-heading has-text-align-center\"><span style=\"text-decoration: underline;\">CONVOCATORIAS Y NOTICIAS<\/span><\/h4>\n\n\n\n<ul class=\"wp-block-list\">\n<li>CONVOCATORIA para <a href=\"https:\/\/cultura.sma.gob.ar\/?p=6903\">Cabo M\u00fasico . Ej\u00e9rcito Argentino<\/a> (Hasta 11 de mayo)<br><\/li>\n\n\n\n<li><a href=\"https:\/\/www.instagram.com\/p\/DUTz6zHEgUL\/?utm_source=ig_web_copy_link&amp;igsh=MzRlODBiNWFlZA==\">Comienza la restauraci\u00f3n de la escultura Ciervo <\/a>&#8211; Noticia<\/li>\n\n\n\n<li><a href=\"https:\/\/cultura.sma.gob.ar\/?p=6758\">La restauraci\u00f3n de la Casa Castillo \u2013 Ex Club de Parques Nacionales marca un nuevo hito en la preservaci\u00f3n del patrimonio cultural de San Mart\u00edn de los Andes<\/a> &#8211; Noticia<\/li>\n\n\n\n<li><a href=\"https:\/\/cultura.sma.gob.ar\/?p=6738\">75 a\u00f1os del monumento a San Mart\u00edn<\/a> &#8211; Noticia<\/li>\n\n\n\n<li><a href=\"https:\/\/cultura.sma.gob.ar\/?p=1497\">Contin\u00faa abierta la inscripci\u00f3n al Registro Municipal de Trabajadores y Trabajadoras de la Cultura <\/a>(PERMANENTE)<\/li>\n\n\n\n<li><a href=\"https:\/\/cultura.sma.gob.ar\/?p=2212\">Banco de M\u00fasica de San Mart\u00edn de los Andes<\/a> &#8211; ingres\u00e1 y conoc\u00e9 la propuesta.<\/li>\n<\/ul>\n\n\n\n<hr class=\"wp-block-separator has-css-opacity\"\/>\n\n\n\n<h5 class=\"wp-block-heading\"><span style=\"color:#000080;\"><span style=\"color:#57a0c4;\" class=\"has-inline-color\">Si quer\u00e9s difundir tu proyecto cultural en este calendario, mandanos la informaci\u00f3n a<\/span><strong><span style=\"color:#57a0c4;\" class=\"has-inline-color\"> <\/span><\/strong><\/span><span style=\"color:#57a0c4;\" class=\"has-inline-color\"><strong>ciudad.cultural.sma@gmail.com<\/strong><\/span><\/h5>\n\n\n\n<p><\/p>\n","protected":false},"excerpt":{"rendered":"<p>EVENTOS Y ESPECT\u00c1CULOS TALLERES Y ACTIVIDADES PROLONGADAS EXPOSICIONES CONVOCATORIAS Y NOTICIAS Si quer\u00e9s difundir tu proyecto cultural en este calendario, mandanos la informaci\u00f3n a ciudad.cultural.sma@gmail.com <a href=\"https:\/\/cultura.sma.gob.ar\/\" class=\"more-link\">Continue reading <span class=\"screen-reader-text\">Agenda Cultural<\/span><\/a><\/p>\n","protected":false},"author":3,"featured_media":0,"parent":0,"menu_order":0,"comment_status":"closed","ping_status":"closed","template":"","meta":{"footnotes":""},"class_list":["post-93","page","type-page","status-publish","hentry"],"_links":{"self":[{"href":"https:\/\/cultura.sma.gob.ar\/index.php?rest_route=\/wp\/v2\/pages\/93","targetHints":{"allow":["GET"]}}],"collection":[{"href":"https:\/\/cultura.sma.gob.ar\/index.php?rest_route=\/wp\/v2\/pages"}],"about":[{"href":"https:\/\/cultura.sma.gob.ar\/index.php?rest_route=\/wp\/v2\/types\/page"}],"author":[{"embeddable":true,"href":"https:\/\/cultura.sma.gob.ar\/index.php?rest_route=\/wp\/v2\/users\/3"}],"replies":[{"embeddable":true,"href":"https:\/\/cultura.sma.gob.ar\/index.php?rest_route=%2Fwp%2Fv2%2Fcomments&post=93"}],"version-history":[{"count":1091,"href":"https:\/\/cultura.sma.gob.ar\/index.php?rest_route=\/wp\/v2\/pages\/93\/revisions"}],"predecessor-version":[{"id":6923,"href":"https:\/\/cultura.sma.gob.ar\/index.php?rest_route=\/wp\/v2\/pages\/93\/revisions\/6923"}],"wp:attachment":[{"href":"https:\/\/cultura.sma.gob.ar\/index.php?rest_route=%2Fwp%2Fv2%2Fmedia&parent=93"}],"curies":[{"name":"wp","href":"https:\/\/api.w.org\/{rel}","templated":true}]}}